{"id":77727,"date":"2026-01-21T14:15:28","date_gmt":"2026-01-21T13:15:28","guid":{"rendered":"https:\/\/www.wsinteractive.com\/?post_type=references&#038;p=77727"},"modified":"2026-01-22T09:08:44","modified_gmt":"2026-01-22T08:08:44","slug":"area-memento-raconte-la-vie-urbaine","status":"publish","type":"references","link":"https:\/\/www.wsinteractive.com\/fr\/references\/area-memento-raconte-la-vie-urbaine\/","title":{"rendered":"Ar\u00e9a Memento : raconte la vie urbaine"},"content":{"rendered":"\n<div class=\"wp-block-columns is-layout-flex wp-container-core-columns-is-layout-9d6595d7 wp-block-columns-is-layout-flex\">\n<div class=\"wp-block-column is-layout-flow wp-block-column-is-layout-flow\" style=\"flex-basis:30%\">\n<div style=\"height:57px\" aria-hidden=\"true\" class=\"wp-block-spacer\"><\/div>\n\n\n\n<p class=\"is-style-reference-tags\">#INTERACTIVE #UX<\/p>\n\n\n\n<h1 class=\"wp-block-heading is-style-reference-surtitle is-style-surtitle\" id=\"h-catalogue-en-ligne-d-extensions-onestock\">Ar\u00e9a Memento :  raconte la <strong>vie urbaine<\/strong><\/h1>\n\n\n<div class=\"taxonomy-references_categorie wp-block-post-terms\"><a href=\"https:\/\/www.wsinteractive.com\/fr\/references-categorie\/produits-services\/\" rel=\"tag\">Produits &amp; Services<\/a><\/div><\/div>\n\n\n\n<div class=\"wp-block-column is-layout-flow wp-block-column-is-layout-flow\" style=\"flex-basis:5%\"><\/div>\n\n\n\n<div class=\"wp-block-column is-vertically-aligned-center is-layout-flow wp-block-column-is-layout-flow\" style=\"flex-basis:65%\">\n<figure class=\"wp-block-image size-full\"><img loading=\"lazy\" decoding=\"async\" width=\"2357\" height=\"1088\" src=\"https:\/\/www.wsinteractive.com\/wp-content\/uploads\/2026\/01\/01_cover_ref.png\" alt=\"Responsive AREA M\u00e9mento\" class=\"wp-image-77697\" srcset=\"https:\/\/www.wsinteractive.com\/wp-content\/uploads\/2026\/01\/01_cover_ref.png 2357w, https:\/\/www.wsinteractive.com\/wp-content\/uploads\/2026\/01\/01_cover_ref-300x138.png 300w, https:\/\/www.wsinteractive.com\/wp-content\/uploads\/2026\/01\/01_cover_ref-1024x473.png 1024w, https:\/\/www.wsinteractive.com\/wp-content\/uploads\/2026\/01\/01_cover_ref-768x355.png 768w, https:\/\/www.wsinteractive.com\/wp-content\/uploads\/2026\/01\/01_cover_ref-1536x709.png 1536w, https:\/\/www.wsinteractive.com\/wp-content\/uploads\/2026\/01\/01_cover_ref-2048x945.png 2048w\" sizes=\"auto, (max-width: 2357px) 100vw, 2357px\" \/><\/figure>\n<\/div>\n<\/div>\n\n\n\n<div style=\"height:var(--wp--preset--spacing--80)\" aria-hidden=\"true\" class=\"wp-block-spacer\"><\/div>\n\n\n\n<div class=\"wp-block-columns is-layout-flex wp-container-core-columns-is-layout-9d6595d7 wp-block-columns-is-layout-flex\">\n<div class=\"wp-block-column is-layout-flow wp-block-column-is-layout-flow\">\n<div class=\"wp-block-columns has-white-background-color has-background is-layout-flex wp-container-core-columns-is-layout-9d6595d7 wp-block-columns-is-layout-flex\">\n<div class=\"wp-block-column is-layout-flow wp-block-column-is-layout-flow\" style=\"flex-basis:5%\"><\/div>\n\n\n\n<div class=\"wp-block-column is-vertically-aligned-center is-layout-flow wp-block-column-is-layout-flow\" style=\"flex-basis:90%\">\n<div style=\"height:30px\" aria-hidden=\"true\" class=\"wp-block-spacer\"><\/div>\n\n\n\n<div class=\"wp-block-group\"><div class=\"wp-block-group__inner-container is-layout-constrained wp-block-group-is-layout-constrained\">\n<h2 class=\"wp-block-heading has-text-align-left\" id=\"h-l-ux-design-du-catalogue-en-ligne\" style=\"font-size:30px;line-height:1.3\"><strong>Une invitation \u00e0 repenser l&rsquo;espace public<\/strong><\/h2>\n\n\n\n<div style=\"height:20px\" aria-hidden=\"true\" class=\"wp-block-spacer\"><\/div>\n\n\n\n<p><strong>Depuis plus de 35 ans<\/strong>, la marque de mobilier urbain Ar\u00e9a soutient les <strong>espaces publics<\/strong> <strong>respectueux de l&rsquo;environnement<\/strong> et <strong>privil\u00e9giant l&rsquo;humain<\/strong>. Connue pour la <strong>fabrication de bancs<\/strong>, de <strong>bornes<\/strong>, de <strong>jardini\u00e8res<\/strong> et de <strong>supports pour v\u00e9los<\/strong>, la soci\u00e9t\u00e9 <strong>fran\u00e7aise<\/strong> de <strong>conception<\/strong> et de <strong>fabrication<\/strong> souhaitait une mise \u00e0 jour \u00e9l\u00e9gante et moderne de son site web. Alors que les sites web de ses concurrents se concentrent sur les sp\u00e9cifications des produits et la vente, Ar\u00e9a voulait un outil qui non seulement soutiendrait les conversations avec les clients, mais qui montrerait \u00e9galement le d\u00e9vouement de l&rsquo;entreprise \u00e0 des exp\u00e9riences publiques raffin\u00e9es.  <\/p>\n\n\n\n<p><strong>Ar\u00e9a s&rsquo;est associ\u00e9 \u00e0 WS Interactive pour concevoir Memento, une exp\u00e9rience num\u00e9rique interactive pour son site web.<\/strong> L&rsquo;objectif \u00e9tait d&rsquo;aller au-del\u00e0 de la simple <a href=\"https:\/\/www.wsinteractive.com\/fr\/nos-offres\/creation-de-site-web\/\">cr\u00e9ation d&rsquo;un site<\/a> et de l&rsquo;exposition de produits, pour explorer la mani\u00e8re dont le mobilier urbain fa\u00e7onne les interactions sociales et l&rsquo;exp\u00e9rience de l&rsquo;espace public.<\/p>\n<\/div><\/div>\n\n\n\n<div class=\"wp-block-columns has-purple-extra-light-background-color has-background is-layout-flex wp-container-core-columns-is-layout-9d6595d7 wp-block-columns-is-layout-flex\">\n<div class=\"wp-block-column is-vertically-aligned-center is-layout-flow wp-block-column-is-layout-flow\" style=\"flex-basis:45%\">\n<figure class=\"wp-block-image size-full is-style-default\"><img loading=\"lazy\" decoding=\"async\" width=\"1209\" height=\"1053\" src=\"https:\/\/www.wsinteractive.com\/wp-content\/uploads\/2026\/01\/visuel_site_3.png\" alt=\"Accueil du site AREA M\u00e9mento\" class=\"wp-image-77704\" srcset=\"https:\/\/www.wsinteractive.com\/wp-content\/uploads\/2026\/01\/visuel_site_3.png 1209w, https:\/\/www.wsinteractive.com\/wp-content\/uploads\/2026\/01\/visuel_site_3-300x261.png 300w, https:\/\/www.wsinteractive.com\/wp-content\/uploads\/2026\/01\/visuel_site_3-1024x892.png 1024w, https:\/\/www.wsinteractive.com\/wp-content\/uploads\/2026\/01\/visuel_site_3-768x669.png 768w\" sizes=\"auto, (max-width: 1209px) 100vw, 1209px\" \/><\/figure>\n<\/div>\n\n\n\n<div class=\"wp-block-column is-layout-flow wp-block-column-is-layout-flow\" style=\"flex-basis:6%\"><\/div>\n\n\n\n<div class=\"wp-block-column is-vertically-aligned-center is-layout-flow wp-block-column-is-layout-flow\" style=\"flex-basis:49%\">\n<h3 class=\"wp-block-heading\" style=\"font-size:26px\">Le d\u00e9fi : <strong><strong>Transformer un catalogue en un r\u00e9cit vivant<\/strong><\/strong><\/h3>\n\n\n\n<p>Memento devait traduire des th\u00e8mes complexes, allant de l&rsquo;urbanisme \u00e0 l&rsquo;\u00e9conomie, pour un public vari\u00e9 de concepteurs, de citoyens, d&rsquo;urbanistes et d&rsquo;\u00e9lus.  <\/p>\n\n\n\n<p>Ar\u00e9a avait besoin de Memento pour atteindre plusieurs objectifs :<\/p>\n\n\n\n<ul class=\"wp-block-list\">\n<li><strong>D\u00e9montrer comment le mobilier urbain fa\u00e7onne des espaces publics contemporains et modernes.<\/strong><\/li>\n\n\n\n<li><strong>\u00c9vitez le langage technique ou les ventes centr\u00e9es sur le produit<\/strong><\/li>\n\n\n\n<li><strong>Restez fid\u00e8le \u00e0 la marque intemporelle d&rsquo;Ar\u00e9a<\/strong><\/li>\n\n\n\n<li><strong>Utilisez une navigation simple et intuitive, m\u00eame si vous abordez des sujets complexes.<\/strong><\/li>\n<\/ul>\n\n\n\n<p>Afin de concr\u00e9tiser la vision d\u2019Ar\u00e9a et de proposer une exp\u00e9rience de qualit\u00e9, nous avons adopt\u00e9 une approche de <a href=\"https:\/\/www.wsinteractive.com\/fr\/blog\/design-emotionnel-des-experiences-qui-marquent-les-esprits\/\">design \u00e9motionnel<\/a> o\u00f9 le contenu et la cr\u00e9ativit\u00e9 occupent une place centrale.<\/p>\n<\/div>\n<\/div>\n\n\n\n<div class=\"wp-block-columns has-purple-extra-light-background-color has-background is-layout-flex wp-container-core-columns-is-layout-9d6595d7 wp-block-columns-is-layout-flex\">\n<div class=\"wp-block-column is-vertically-aligned-center is-layout-flow wp-block-column-is-layout-flow\" style=\"flex-basis:45%\">\n<figure class=\"wp-block-image size-full is-style-default\"><img loading=\"lazy\" decoding=\"async\" width=\"1049\" height=\"876\" src=\"https:\/\/www.wsinteractive.com\/wp-content\/uploads\/2026\/01\/visuel_site_1-bis.png\" alt=\"L'UX rencontre la pens\u00e9e urbaine\" class=\"wp-image-77707\" srcset=\"https:\/\/www.wsinteractive.com\/wp-content\/uploads\/2026\/01\/visuel_site_1-bis.png 1049w, https:\/\/www.wsinteractive.com\/wp-content\/uploads\/2026\/01\/visuel_site_1-bis-300x251.png 300w, https:\/\/www.wsinteractive.com\/wp-content\/uploads\/2026\/01\/visuel_site_1-bis-1024x855.png 1024w, https:\/\/www.wsinteractive.com\/wp-content\/uploads\/2026\/01\/visuel_site_1-bis-768x641.png 768w\" sizes=\"auto, (max-width: 1049px) 100vw, 1049px\" \/><\/figure>\n<\/div>\n\n\n\n<div class=\"wp-block-column is-layout-flow wp-block-column-is-layout-flow\" style=\"flex-basis:6%\"><\/div>\n\n\n\n<div class=\"wp-block-column is-vertically-aligned-center is-layout-flow wp-block-column-is-layout-flow\" style=\"flex-basis:49%\">\n<h3 class=\"wp-block-heading\" style=\"font-size:26px\">La solution : <strong><strong>La rencontre de l&rsquo;UX et de la pens\u00e9e urbaine<\/strong><\/strong><\/h3>\n\n\n\n<p>WS Interactive a traduit la vision d&rsquo;Ar\u00e9a en une exp\u00e9rience digitale immersive et design. Memento devait couvrir un grand nombre de sujets complexes en seulement quelques clics. WS Interactive a donc con\u00e7u une exp\u00e9rience \u00e9pur\u00e9e et minimaliste qui permet au contenu de respirer.   <\/p>\n\n\n\n<p>L&rsquo;\u00e9quipe a collabor\u00e9 avec Ar\u00e9a pour offrir un soutien de bout en bout, y compris :<\/p>\n\n\n\n<ul class=\"wp-block-list\">\n<li><strong>Strat\u00e9gie UX et architecture de contenu<\/strong><\/li>\n\n\n\n<li><strong>Conception graphique<\/strong><\/li>\n\n\n\n<li><strong>\u00c9l\u00e9ments interactifs, y compris les animations \u00e0 micro-d\u00e9filement<\/strong><\/li>\n\n\n\n<li><strong>Optimisation des performances<\/strong><\/li>\n<\/ul>\n<\/div>\n<\/div>\n\n\n\n<div style=\"height:60px\" aria-hidden=\"true\" class=\"wp-block-spacer\"><\/div>\n<\/div>\n\n\n\n<div class=\"wp-block-column is-layout-flow wp-block-column-is-layout-flow\" style=\"flex-basis:5%\"><\/div>\n<\/div>\n\n\n\n<div style=\"height:47px\" aria-hidden=\"true\" class=\"wp-block-spacer\"><\/div>\n<\/div>\n<\/div>\n\n\n\n<div class=\"wp-block-columns is-layout-flex wp-container-core-columns-is-layout-9d6595d7 wp-block-columns-is-layout-flex\">\n<div class=\"wp-block-column is-vertically-aligned-center is-layout-flow wp-block-column-is-layout-flow\" style=\"flex-basis:55%\">\n<div style=\"height:70px\" aria-hidden=\"true\" class=\"wp-block-spacer\"><\/div>\n\n\n\n<h2 class=\"wp-block-heading\" id=\"h-partenariat-de-long-terme-avec-onestock\" style=\"font-size:30px;line-height:1.3\">Une <strong>plateforme<\/strong> con\u00e7ue pour l&rsquo;exploration<\/h2>\n\n\n\n<p><strong>WS Interactive a cr\u00e9\u00e9 une exp\u00e9rience sereine, d&rsquo;inspiration \u00e9ditoriale, qui refl\u00e8te la nature intentionnelle des cr\u00e9ations d&rsquo;Ar\u00e9a.<\/strong>  Dans un secteur inond\u00e9 de langage promotionnel, Memento est une exp\u00e9rience qui bouscule les attentes et met en avant la mission d&rsquo;Ar\u00e9a. Loin d&rsquo;\u00eatre un simple fabricant de meubles et un designer, <strong>Ar\u00e9a est un leader d&rsquo;opinion qui a \u00e0 c\u0153ur les int\u00e9r\u00eats du public.<\/strong> <\/p>\n\n\n\n<p>En plus d&rsquo;aider Ar\u00e9a \u00e0 se d\u00e9marquer de la concurrence, Memento l&rsquo;a \u00e9galement aid\u00e9e :<\/p>\n\n\n\n<ul class=\"wp-block-list\">\n<li><strong>Fournit aux clients d&rsquo;Ar\u00e9a un outil de r\u00e9f\u00e9rence utile<\/strong><\/li>\n\n\n\n<li><strong>La r\u00e9flexion \u00e9ditoriale et le savoir-faire num\u00e9rique d&rsquo;Ar\u00e9a sont mis en valeur.<\/strong><\/li>\n\n\n\n<li><strong>L&rsquo;\u00e9quipe de vente d&rsquo;Ar\u00e9a dispose d&rsquo;un outil attrayant pour les entretiens avec les clients.<\/strong><\/li>\n<\/ul>\n\n\n\n<p><strong>Memento n&rsquo;est pas un outil de promotion.<\/strong>  Il s&rsquo;agit d&rsquo;une plateforme de connaissances qui refl\u00e8te l&rsquo;influence r\u00e9elle d&rsquo;Ar\u00e9a sur la vie publique. Cet actif de marque \u00e0 long terme r\u00e9pond parfaitement aux besoins d&rsquo;Ar\u00e9a en mati\u00e8re de solutions \u00e9l\u00e9gantes qui simplifient les id\u00e9es complexes, tout en positionnant l&rsquo;entreprise en tant que leader du design. Les bancs et les supports \u00e0 v\u00e9los ne sont peut-\u00eatre pas souvent dans l&rsquo;esprit du public, mais pour les professionnels d&rsquo;Ar\u00e9a, tourn\u00e9s vers l&rsquo;avenir, ces conceptions changent la vie publique, un espace \u00e0 la fois.  <\/p>\n\n\n\n<div class=\"wp-block-buttons is-layout-flex wp-block-buttons-is-layout-flex\">\n<div class=\"wp-block-button is-style-btn-black-arrow\"><a class=\"wp-block-button__link wp-element-button\" href=\"https:\/\/memento.area.fr\/\">D\u00e9couvrez AREA M\u00e9mento<\/a><\/div>\n<\/div>\n\n\n\n<p><br><\/p>\n\n\n\n<div style=\"height:14px\" aria-hidden=\"true\" class=\"wp-block-spacer\"><\/div>\n<\/div>\n\n\n\n<div class=\"wp-block-column is-layout-flow wp-block-column-is-layout-flow\" style=\"flex-basis:5%\"><\/div>\n\n\n\n<div class=\"wp-block-column is-vertically-aligned-center is-layout-flow wp-block-column-is-layout-flow\" style=\"flex-basis:40%\">\n<figure class=\"wp-block-image size-large\"><img loading=\"lazy\" decoding=\"async\" width=\"732\" height=\"1024\" src=\"https:\/\/www.wsinteractive.com\/wp-content\/uploads\/2026\/01\/visuel_site_4_bis-732x1024.png\" alt=\"Diff\u00e9rents \u00e9crans du site\" class=\"wp-image-77710\" srcset=\"https:\/\/www.wsinteractive.com\/wp-content\/uploads\/2026\/01\/visuel_site_4_bis-732x1024.png 732w, https:\/\/www.wsinteractive.com\/wp-content\/uploads\/2026\/01\/visuel_site_4_bis-214x300.png 214w, https:\/\/www.wsinteractive.com\/wp-content\/uploads\/2026\/01\/visuel_site_4_bis-768x1074.png 768w, https:\/\/www.wsinteractive.com\/wp-content\/uploads\/2026\/01\/visuel_site_4_bis-1098x1536.png 1098w, https:\/\/www.wsinteractive.com\/wp-content\/uploads\/2026\/01\/visuel_site_4_bis.png 1209w\" sizes=\"auto, (max-width: 732px) 100vw, 732px\" \/><\/figure>\n<\/div>\n<\/div>\n\n\n\n<div style=\"height:100px\" aria-hidden=\"true\" class=\"wp-block-spacer\"><\/div>\n\n\n\n<div class=\"wp-block-columns is-layout-flex wp-container-core-columns-is-layout-9d6595d7 wp-block-columns-is-layout-flex\">\n<div class=\"wp-block-column is-layout-flow wp-block-column-is-layout-flow\">\n<div class=\"wp-block-columns has-white-background-color has-background is-layout-flex wp-container-core-columns-is-layout-9d6595d7 wp-block-columns-is-layout-flex\">\n<div class=\"wp-block-column is-layout-flow wp-block-column-is-layout-flow\" style=\"flex-basis:5%\"><\/div>\n\n\n\n<div class=\"wp-block-column is-vertically-aligned-center is-layout-flow wp-block-column-is-layout-flow\" style=\"flex-basis:90%\">\n<div class=\"wp-block-columns is-layout-flex wp-container-core-columns-is-layout-9d6595d7 wp-block-columns-is-layout-flex\">\n<div class=\"wp-block-column is-vertically-aligned-center is-layout-flow wp-block-column-is-layout-flow\" style=\"flex-basis:66.66%\">\n<div class=\"wp-block-group\"><div class=\"wp-block-group__inner-container is-layout-constrained wp-block-group-is-layout-constrained\">\n<div style=\"height:100px\" aria-hidden=\"true\" class=\"wp-block-spacer\"><\/div>\n\n\n\n<p><strong><mark style=\"background-color:#C7BBF3\" class=\"has-inline-color has-ws-white-color\">Vous avez un projet de site web ?<\/mark><\/strong><\/p>\n\n\n\n<h3 class=\"wp-block-heading has-text-align-left\" id=\"h-l-ux-design-du-catalogue-en-ligne\" style=\"font-size:30px;line-height:1.3\">WS vous aide \u00e0 donner vie \u00e0 <mark style=\"background-color:rgba(0, 0, 0, 0)\" class=\"has-inline-color has-purple-color\">vos id\u00e9es\u2727<\/mark><\/h3>\n\n\n\n<p>Vous souhaitez cr\u00e9er une exp\u00e9rience utilisateur convaincante pour vos clients gr\u00e2ce \u00e0 la narration ? Nous serions ravis d&rsquo;avoir de <a href=\"https:\/\/www.wsinteractive.com\/fr\/contact\/\">vos nouvelles<\/a>. Nous serions ravis de partager nos id\u00e9es avec vous. <strong>\ud83d\ude00<\/strong>  <\/p>\n\n\n\n<div style=\"height:20px\" aria-hidden=\"true\" class=\"wp-block-spacer\"><\/div>\n\n\n\n<div class=\"wp-block-buttons is-layout-flex wp-block-buttons-is-layout-flex\">\n<div class=\"wp-block-button is-style-btn-transparent-arrow\"><a class=\"wp-block-button__link wp-element-button\" href=\"https:\/\/www.wsinteractive.com\/fr\/contact\/\">Contactez nous<\/a><\/div>\n<\/div>\n<\/div><\/div>\n<\/div>\n\n\n\n<div class=\"wp-block-column is-vertically-aligned-center is-layout-flow wp-block-column-is-layout-flow\" style=\"flex-basis:33.33%\">\n<div style=\"height:100px\" aria-hidden=\"true\" class=\"wp-block-spacer\"><\/div>\n\n\n\n<figure class=\"wp-block-image size-large\"><img loading=\"lazy\" decoding=\"async\" width=\"1024\" height=\"716\" src=\"https:\/\/www.wsinteractive.com\/wp-content\/uploads\/2025\/06\/image_contact_new-min-1024x716.png\" alt=\"Contactez nous\" class=\"wp-image-61453\" srcset=\"https:\/\/www.wsinteractive.com\/wp-content\/uploads\/2025\/06\/image_contact_new-min-1024x716.png 1024w, https:\/\/www.wsinteractive.com\/wp-content\/uploads\/2025\/06\/image_contact_new-min-300x210.png 300w, https:\/\/www.wsinteractive.com\/wp-content\/uploads\/2025\/06\/image_contact_new-min-768x537.png 768w, https:\/\/www.wsinteractive.com\/wp-content\/uploads\/2025\/06\/image_contact_new-min.png 1245w\" sizes=\"auto, (max-width: 1024px) 100vw, 1024px\" \/><\/figure>\n<\/div>\n<\/div>\n\n\n\n<div style=\"height:30px\" aria-hidden=\"true\" class=\"wp-block-spacer\"><\/div>\n\n\n\n<div style=\"height:60px\" aria-hidden=\"true\" class=\"wp-block-spacer\"><\/div>\n<\/div>\n\n\n\n<div class=\"wp-block-column is-layout-flow wp-block-column-is-layout-flow\" style=\"flex-basis:5%\"><\/div>\n<\/div>\n\n\n\n<div style=\"height:47px\" aria-hidden=\"true\" class=\"wp-block-spacer\"><\/div>\n<\/div>\n<\/div>\n\n\n\n<div style=\"height:50px\" aria-hidden=\"true\" class=\"wp-block-spacer\"><\/div>\n\n\n\n<div style=\"height:3px\" aria-hidden=\"true\" class=\"wp-block-spacer\"><\/div>\n\n\n\n<div class=\"wp-block-columns is-style-columns-without-margins is-layout-flex wp-container-core-columns-is-layout-9d6595d7 wp-block-columns-is-layout-flex\">\n<div class=\"wp-block-column is-layout-flow wp-block-column-is-layout-flow\"><\/div>\n\n\n\n<div class=\"wp-block-column is-layout-flow wp-block-column-is-layout-flow\"><\/div>\n\n\n\n<div class=\"wp-block-column is-layout-flow wp-block-column-is-layout-flow\"><\/div>\n\n\n\n<div class=\"wp-block-column is-layout-flow wp-block-column-is-layout-flow\"><\/div>\n<\/div>\n","protected":false},"excerpt":{"rendered":"<p>D\u00e9couvrez comment Ar\u00e9a a utilis\u00e9 la narration interactive pour se positionner comme un chef de file en mati\u00e8re de mobilier urbain et d&rsquo;am\u00e9nagement d&rsquo;espaces publics.<\/p>\n","protected":false},"featured_media":77725,"menu_order":0,"comment_status":"closed","ping_status":"closed","template":"","meta":{"footnotes":""},"references_categorie":[44],"references_tag":[176,166],"class_list":["post-77727","references","type-references","status-publish","has-post-thumbnail","hentry","references_categorie-produits-services"],"yoast_head":"<!-- This site is optimized with the Yoast SEO plugin v27.4 - https:\/\/yoast.com\/product\/yoast-seo-wordpress\/ -->\n<title>Ar\u00e9a recadre le mobilier urbain avec des exp\u00e9riences num\u00e9riques<\/title>\n<meta name=\"description\" content=\"D\u00e9couvrez comment Ar\u00e9a a utilis\u00e9 la narration interactive pour se positionner en tant que leader d&#039;opinion dans le domaine du mobilier urbain et de la conception d&#039;espaces publics.\" \/>\n<meta name=\"robots\" content=\"index, follow, max-snippet:-1, max-image-preview:large, max-video-preview:-1\" \/>\n<link rel=\"canonical\" href=\"https:\/\/www.wsinteractive.com\/fr\/references\/area-memento-raconte-la-vie-urbaine\/\" \/>\n<meta property=\"og:locale\" content=\"fr_FR\" \/>\n<meta property=\"og:type\" content=\"article\" \/>\n<meta property=\"og:title\" content=\"Ar\u00e9a recadre le mobilier urbain avec des exp\u00e9riences num\u00e9riques\" \/>\n<meta property=\"og:description\" content=\"D\u00e9couvrez comment Ar\u00e9a a utilis\u00e9 la narration interactive pour se positionner en tant que leader d&#039;opinion dans le domaine du mobilier urbain et de la conception d&#039;espaces publics.\" \/>\n<meta property=\"og:url\" content=\"https:\/\/www.wsinteractive.com\/fr\/references\/area-memento-raconte-la-vie-urbaine\/\" \/>\n<meta property=\"og:site_name\" content=\"WS Interactive\" \/>\n<meta property=\"article:publisher\" content=\"https:\/\/www.facebook.com\/wsinteractive\" \/>\n<meta property=\"article:modified_time\" content=\"2026-01-22T08:08:44+00:00\" \/>\n<meta property=\"og:image\" content=\"https:\/\/www.wsinteractive.com\/wp-content\/uploads\/2026\/01\/01-new_SITE-vignette_area_memento.png\" \/>\n\t<meta property=\"og:image:width\" content=\"1010\" \/>\n\t<meta property=\"og:image:height\" content=\"599\" \/>\n\t<meta property=\"og:image:type\" content=\"image\/png\" \/>\n<meta name=\"twitter:card\" content=\"summary_large_image\" \/>\n<meta name=\"twitter:site\" content=\"@ws_interactive\" \/>\n<meta name=\"twitter:label1\" content=\"Dur\u00e9e de lecture estim\u00e9e\" \/>\n\t<meta name=\"twitter:data1\" content=\"1 minute\" \/>\n<script type=\"application\/ld+json\" class=\"yoast-schema-graph\">{\"@context\":\"https:\\\/\\\/schema.org\",\"@graph\":[{\"@type\":\"WebPage\",\"@id\":\"https:\\\/\\\/www.wsinteractive.com\\\/fr\\\/references\\\/area-memento-raconte-la-vie-urbaine\\\/\",\"url\":\"https:\\\/\\\/www.wsinteractive.com\\\/fr\\\/references\\\/area-memento-raconte-la-vie-urbaine\\\/\",\"name\":\"Ar\u00e9a recadre le mobilier urbain avec des exp\u00e9riences num\u00e9riques\",\"isPartOf\":{\"@id\":\"https:\\\/\\\/www.wsinteractive.com\\\/fr\\\/#website\"},\"primaryImageOfPage\":{\"@id\":\"https:\\\/\\\/www.wsinteractive.com\\\/fr\\\/references\\\/area-memento-raconte-la-vie-urbaine\\\/#primaryimage\"},\"image\":{\"@id\":\"https:\\\/\\\/www.wsinteractive.com\\\/fr\\\/references\\\/area-memento-raconte-la-vie-urbaine\\\/#primaryimage\"},\"thumbnailUrl\":\"https:\\\/\\\/www.wsinteractive.com\\\/wp-content\\\/uploads\\\/2026\\\/01\\\/01-new_SITE-vignette_area_memento.png\",\"datePublished\":\"2026-01-21T13:15:28+00:00\",\"dateModified\":\"2026-01-22T08:08:44+00:00\",\"description\":\"D\u00e9couvrez comment Ar\u00e9a a utilis\u00e9 la narration interactive pour se positionner en tant que leader d'opinion dans le domaine du mobilier urbain et de la conception d'espaces publics.\",\"breadcrumb\":{\"@id\":\"https:\\\/\\\/www.wsinteractive.com\\\/fr\\\/references\\\/area-memento-raconte-la-vie-urbaine\\\/#breadcrumb\"},\"inLanguage\":\"fr-FR\",\"potentialAction\":[{\"@type\":\"ReadAction\",\"target\":[\"https:\\\/\\\/www.wsinteractive.com\\\/fr\\\/references\\\/area-memento-raconte-la-vie-urbaine\\\/\"]}]},{\"@type\":\"ImageObject\",\"inLanguage\":\"fr-FR\",\"@id\":\"https:\\\/\\\/www.wsinteractive.com\\\/fr\\\/references\\\/area-memento-raconte-la-vie-urbaine\\\/#primaryimage\",\"url\":\"https:\\\/\\\/www.wsinteractive.com\\\/wp-content\\\/uploads\\\/2026\\\/01\\\/01-new_SITE-vignette_area_memento.png\",\"contentUrl\":\"https:\\\/\\\/www.wsinteractive.com\\\/wp-content\\\/uploads\\\/2026\\\/01\\\/01-new_SITE-vignette_area_memento.png\",\"width\":1010,\"height\":599,\"caption\":\"AREA M\u00e9mento\"},{\"@type\":\"BreadcrumbList\",\"@id\":\"https:\\\/\\\/www.wsinteractive.com\\\/fr\\\/references\\\/area-memento-raconte-la-vie-urbaine\\\/#breadcrumb\",\"itemListElement\":[{\"@type\":\"ListItem\",\"position\":1,\"name\":\"Home\",\"item\":\"https:\\\/\\\/www.wsinteractive.com\\\/fr\\\/\"},{\"@type\":\"ListItem\",\"position\":2,\"name\":\"R\u00e9f\u00e9rences\",\"item\":\"https:\\\/\\\/www.wsinteractive.com\\\/fr\\\/references\\\/\"},{\"@type\":\"ListItem\",\"position\":3,\"name\":\"Ar\u00e9a Memento : raconte la vie urbaine\"}]},{\"@type\":\"WebSite\",\"@id\":\"https:\\\/\\\/www.wsinteractive.com\\\/fr\\\/#website\",\"url\":\"https:\\\/\\\/www.wsinteractive.com\\\/fr\\\/\",\"name\":\"WS Interactive\",\"description\":\"WS\",\"publisher\":{\"@id\":\"https:\\\/\\\/www.wsinteractive.com\\\/fr\\\/#organization\"},\"potentialAction\":[{\"@type\":\"SearchAction\",\"target\":{\"@type\":\"EntryPoint\",\"urlTemplate\":\"https:\\\/\\\/www.wsinteractive.com\\\/fr\\\/?s={search_term_string}\"},\"query-input\":{\"@type\":\"PropertyValueSpecification\",\"valueRequired\":true,\"valueName\":\"search_term_string\"}}],\"inLanguage\":\"fr-FR\"},{\"@type\":\"Organization\",\"@id\":\"https:\\\/\\\/www.wsinteractive.com\\\/fr\\\/#organization\",\"name\":\"WS Interactive\",\"url\":\"https:\\\/\\\/www.wsinteractive.com\\\/fr\\\/\",\"logo\":{\"@type\":\"ImageObject\",\"inLanguage\":\"fr-FR\",\"@id\":\"https:\\\/\\\/www.wsinteractive.com\\\/fr\\\/#\\\/schema\\\/logo\\\/image\\\/\",\"url\":\"https:\\\/\\\/www.wsinteractive.com\\\/wp-content\\\/uploads\\\/2024\\\/02\\\/cropped-WSI_logo.svg\",\"contentUrl\":\"https:\\\/\\\/www.wsinteractive.com\\\/wp-content\\\/uploads\\\/2024\\\/02\\\/cropped-WSI_logo.svg\",\"caption\":\"WS Interactive\"},\"image\":{\"@id\":\"https:\\\/\\\/www.wsinteractive.com\\\/fr\\\/#\\\/schema\\\/logo\\\/image\\\/\"},\"sameAs\":[\"https:\\\/\\\/www.facebook.com\\\/wsinteractive\",\"https:\\\/\\\/x.com\\\/ws_interactive\",\"https:\\\/\\\/fr.linkedin.com\\\/company\\\/ws-interactive\",\"https:\\\/\\\/www.instagram.com\\\/ws_interactive\\\/\"]}]}<\/script>\n<!-- \/ Yoast SEO plugin. -->","yoast_head_json":{"title":"Ar\u00e9a recadre le mobilier urbain avec des exp\u00e9riences num\u00e9riques","description":"D\u00e9couvrez comment Ar\u00e9a a utilis\u00e9 la narration interactive pour se positionner en tant que leader d'opinion dans le domaine du mobilier urbain et de la conception d'espaces publics.","robots":{"index":"index","follow":"follow","max-snippet":"max-snippet:-1","max-image-preview":"max-image-preview:large","max-video-preview":"max-video-preview:-1"},"canonical":"https:\/\/www.wsinteractive.com\/fr\/references\/area-memento-raconte-la-vie-urbaine\/","og_locale":"fr_FR","og_type":"article","og_title":"Ar\u00e9a recadre le mobilier urbain avec des exp\u00e9riences num\u00e9riques","og_description":"D\u00e9couvrez comment Ar\u00e9a a utilis\u00e9 la narration interactive pour se positionner en tant que leader d'opinion dans le domaine du mobilier urbain et de la conception d'espaces publics.","og_url":"https:\/\/www.wsinteractive.com\/fr\/references\/area-memento-raconte-la-vie-urbaine\/","og_site_name":"WS Interactive","article_publisher":"https:\/\/www.facebook.com\/wsinteractive","article_modified_time":"2026-01-22T08:08:44+00:00","og_image":[{"width":1010,"height":599,"url":"https:\/\/www.wsinteractive.com\/wp-content\/uploads\/2026\/01\/01-new_SITE-vignette_area_memento.png","type":"image\/png"}],"twitter_card":"summary_large_image","twitter_site":"@ws_interactive","twitter_misc":{"Dur\u00e9e de lecture estim\u00e9e":"1 minute"},"schema":{"@context":"https:\/\/schema.org","@graph":[{"@type":"WebPage","@id":"https:\/\/www.wsinteractive.com\/fr\/references\/area-memento-raconte-la-vie-urbaine\/","url":"https:\/\/www.wsinteractive.com\/fr\/references\/area-memento-raconte-la-vie-urbaine\/","name":"Ar\u00e9a recadre le mobilier urbain avec des exp\u00e9riences num\u00e9riques","isPartOf":{"@id":"https:\/\/www.wsinteractive.com\/fr\/#website"},"primaryImageOfPage":{"@id":"https:\/\/www.wsinteractive.com\/fr\/references\/area-memento-raconte-la-vie-urbaine\/#primaryimage"},"image":{"@id":"https:\/\/www.wsinteractive.com\/fr\/references\/area-memento-raconte-la-vie-urbaine\/#primaryimage"},"thumbnailUrl":"https:\/\/www.wsinteractive.com\/wp-content\/uploads\/2026\/01\/01-new_SITE-vignette_area_memento.png","datePublished":"2026-01-21T13:15:28+00:00","dateModified":"2026-01-22T08:08:44+00:00","description":"D\u00e9couvrez comment Ar\u00e9a a utilis\u00e9 la narration interactive pour se positionner en tant que leader d'opinion dans le domaine du mobilier urbain et de la conception d'espaces publics.","breadcrumb":{"@id":"https:\/\/www.wsinteractive.com\/fr\/references\/area-memento-raconte-la-vie-urbaine\/#breadcrumb"},"inLanguage":"fr-FR","potentialAction":[{"@type":"ReadAction","target":["https:\/\/www.wsinteractive.com\/fr\/references\/area-memento-raconte-la-vie-urbaine\/"]}]},{"@type":"ImageObject","inLanguage":"fr-FR","@id":"https:\/\/www.wsinteractive.com\/fr\/references\/area-memento-raconte-la-vie-urbaine\/#primaryimage","url":"https:\/\/www.wsinteractive.com\/wp-content\/uploads\/2026\/01\/01-new_SITE-vignette_area_memento.png","contentUrl":"https:\/\/www.wsinteractive.com\/wp-content\/uploads\/2026\/01\/01-new_SITE-vignette_area_memento.png","width":1010,"height":599,"caption":"AREA M\u00e9mento"},{"@type":"BreadcrumbList","@id":"https:\/\/www.wsinteractive.com\/fr\/references\/area-memento-raconte-la-vie-urbaine\/#breadcrumb","itemListElement":[{"@type":"ListItem","position":1,"name":"Home","item":"https:\/\/www.wsinteractive.com\/fr\/"},{"@type":"ListItem","position":2,"name":"R\u00e9f\u00e9rences","item":"https:\/\/www.wsinteractive.com\/fr\/references\/"},{"@type":"ListItem","position":3,"name":"Ar\u00e9a Memento : raconte la vie urbaine"}]},{"@type":"WebSite","@id":"https:\/\/www.wsinteractive.com\/fr\/#website","url":"https:\/\/www.wsinteractive.com\/fr\/","name":"WS Interactive","description":"WS","publisher":{"@id":"https:\/\/www.wsinteractive.com\/fr\/#organization"},"potentialAction":[{"@type":"SearchAction","target":{"@type":"EntryPoint","urlTemplate":"https:\/\/www.wsinteractive.com\/fr\/?s={search_term_string}"},"query-input":{"@type":"PropertyValueSpecification","valueRequired":true,"valueName":"search_term_string"}}],"inLanguage":"fr-FR"},{"@type":"Organization","@id":"https:\/\/www.wsinteractive.com\/fr\/#organization","name":"WS Interactive","url":"https:\/\/www.wsinteractive.com\/fr\/","logo":{"@type":"ImageObject","inLanguage":"fr-FR","@id":"https:\/\/www.wsinteractive.com\/fr\/#\/schema\/logo\/image\/","url":"https:\/\/www.wsinteractive.com\/wp-content\/uploads\/2024\/02\/cropped-WSI_logo.svg","contentUrl":"https:\/\/www.wsinteractive.com\/wp-content\/uploads\/2024\/02\/cropped-WSI_logo.svg","caption":"WS Interactive"},"image":{"@id":"https:\/\/www.wsinteractive.com\/fr\/#\/schema\/logo\/image\/"},"sameAs":["https:\/\/www.facebook.com\/wsinteractive","https:\/\/x.com\/ws_interactive","https:\/\/fr.linkedin.com\/company\/ws-interactive","https:\/\/www.instagram.com\/ws_interactive\/"]}]}},"_links":{"self":[{"href":"https:\/\/www.wsinteractive.com\/fr\/wp-json\/wp\/v2\/references\/77727","targetHints":{"allow":["GET"]}}],"collection":[{"href":"https:\/\/www.wsinteractive.com\/fr\/wp-json\/wp\/v2\/references"}],"about":[{"href":"https:\/\/www.wsinteractive.com\/fr\/wp-json\/wp\/v2\/types\/references"}],"replies":[{"embeddable":true,"href":"https:\/\/www.wsinteractive.com\/fr\/wp-json\/wp\/v2\/comments?post=77727"}],"version-history":[{"count":11,"href":"https:\/\/www.wsinteractive.com\/fr\/wp-json\/wp\/v2\/references\/77727\/revisions"}],"predecessor-version":[{"id":77783,"href":"https:\/\/www.wsinteractive.com\/fr\/wp-json\/wp\/v2\/references\/77727\/revisions\/77783"}],"wp:featuredmedia":[{"embeddable":true,"href":"https:\/\/www.wsinteractive.com\/fr\/wp-json\/wp\/v2\/media\/77725"}],"wp:attachment":[{"href":"https:\/\/www.wsinteractive.com\/fr\/wp-json\/wp\/v2\/media?parent=77727"}],"wp:term":[{"taxonomy":"references_categorie","embeddable":true,"href":"https:\/\/www.wsinteractive.com\/fr\/wp-json\/wp\/v2\/references_categorie?post=77727"},{"taxonomy":"references_tag","embeddable":true,"href":"https:\/\/www.wsinteractive.com\/fr\/wp-json\/wp\/v2\/references_tag?post=77727"}],"curies":[{"name":"wp","href":"https:\/\/api.w.org\/{rel}","templated":true}]}}